{"id":1530,"date":"2017-03-21T16:24:24","date_gmt":"2017-03-21T16:24:24","guid":{"rendered":"https:\/\/www.air-lomb.com\/fr\/mal-de-dos\/?page_id=1530"},"modified":"2018-07-25T07:34:55","modified_gmt":"2018-07-25T07:34:55","slug":"telecharger-remboursement-ceinture-lombaire-secu","status":"publish","type":"page","link":"https:\/\/www.air-lomb.com\/mal-de-dos\/telecharger-remboursement-ceinture-lombaire-secu\/","title":{"rendered":"T\u00e9l\u00e9charger remboursement ceinture lombaire par s\u00e9cu et mutuelles"},"content":{"rendered":"<h2><img loading=\"lazy\" decoding=\"async\" class=\"alignright size-medium wp-image-1546\" src=\"https:\/\/www.air-lomb.com\/mal-de-dos\/wp-content\/uploads\/2017\/03\/plan-remboursement-300x167.jpg\" alt=\"4 ETAPES POUR COMMANDER VOTRE CEINTURE LOMBAIRE AIRLOMB AVEC REMBOURSEMENT *\" width=\"300\" height=\"167\" srcset=\"https:\/\/www.air-lomb.com\/mal-de-dos\/wp-content\/uploads\/2017\/03\/plan-remboursement-300x167.jpg 300w, https:\/\/www.air-lomb.com\/mal-de-dos\/wp-content\/uploads\/2017\/03\/plan-remboursement-768x428.jpg 768w, https:\/\/www.air-lomb.com\/mal-de-dos\/wp-content\/uploads\/2017\/03\/plan-remboursement.jpg 956w\" sizes=\"auto, (max-width: 300px) 100vw, 300px\" \/>En indiquant votre adresse mail dans le formulaire ci-dessous, vous pourrez t\u00e9l\u00e9charger notre document d&rsquo;information sur\u00a0la prise en charge de la ceinture lombaire par la S\u00e9curit\u00e9 Sociale et les mutuelles<\/h2>\r\n<p>Il repr\u00e9sente un plan en 4 \u00e9tapes pour vous aider\u00a0\u00e0<\/p>\r\n<ul>\r\n\t<li>D\u00e9terminer la meilleure ceinture lombaire pour votre situation, \u00a0<\/li>\r\n\t<li>Commander votre ceinture,<\/li>\r\n\t<li>La recevoir chez vous sous 24h,<\/li>\r\n\t<li>Vous faire rembourser par les Assurances Sociales et votre Mutuelle.<\/li>\r\n<\/ul>\r\n<p>T\u00e9l\u00e9chargez ici ce document PDF en compl\u00e9tant le\u00a0formulaire ci-dessous. AirLOMB vous remercie pour votre\u00a0identification.\u00a0<\/p>\r\n\n<div class=\"wpcf7 no-js\" id=\"wpcf7-f1532-o1\" lang=\"fr-FR\" dir=\"ltr\" data-wpcf7-id=\"1532\">\n<div class=\"screen-reader-response\"><p role=\"status\" aria-live=\"polite\" aria-atomic=\"true\"><\/p> <ul><\/ul><\/div>\n<form action=\"\/mal-de-dos\/wp-json\/wp\/v2\/pages\/1530#wpcf7-f1532-o1\" method=\"post\" class=\"wpcf7-form init\" aria-label=\"Formulaire de contact\" novalidate=\"novalidate\" data-status=\"init\">\n<fieldset class=\"hidden-fields-container\"><input type=\"hidden\" name=\"_wpcf7\" value=\"1532\" \/><input type=\"hidden\" name=\"_wpcf7_version\" value=\"6.1.5\" \/><input type=\"hidden\" name=\"_wpcf7_locale\" value=\"fr_FR\" \/><input type=\"hidden\" name=\"_wpcf7_unit_tag\" value=\"wpcf7-f1532-o1\" \/><input type=\"hidden\" name=\"_wpcf7_container_post\" value=\"0\" \/><input type=\"hidden\" name=\"_wpcf7_posted_data_hash\" value=\"\" \/>\n<\/fieldset>\n<p>Votre email *\n<\/p>\n<p><span class=\"wpcf7-form-control-wrap\" data-name=\"your-email\"><input size=\"40\" maxlength=\"400\" class=\"wpcf7-form-control wpcf7-email wpcf7-validates-as-required wpcf7-text wpcf7-validates-as-email\" aria-required=\"true\" aria-invalid=\"false\" value=\"\" type=\"email\" name=\"your-email\" \/><\/span>\n<\/p>\n<p><input class=\"wpcf7-form-control wpcf7-submit has-spinner\" type=\"submit\" value=\"T\u00e9l\u00e9charger le document PDF sur la prise en charge des ceintures AIR LOMB\" \/>\n<\/p><p style=\"display: none !important;\" class=\"akismet-fields-container\" data-prefix=\"_wpcf7_ak_\"><label>&#916;<textarea name=\"_wpcf7_ak_hp_textarea\" cols=\"45\" rows=\"8\" maxlength=\"100\"><\/textarea><\/label><input type=\"hidden\" id=\"ak_js_1\" name=\"_wpcf7_ak_js\" value=\"125\"\/><script type=\"text\/javascript\">\n\/* <![CDATA[ *\/\ndocument.getElementById( \"ak_js_1\" ).setAttribute( \"value\", ( new Date() ).getTime() );\n\/* ]]> *\/\n<\/script>\n<\/p><div class=\"wpcf7-response-output\" aria-hidden=\"true\"><\/div>\n<\/form>\n<\/div>\n\r\n<p>Bien s\u00fbr, au cas o\u00f9 vous auriez d&rsquo;autres questions, vous pouvez nous joindre par t\u00e9l\u00e9phone, sur notre<br \/>\r\n<span class=\"vivre\"><strong>Num\u00e9ro Vert : 0805 38 48 58<\/strong><\/span><\/p>","protected":false},"excerpt":{"rendered":"<p>En indiquant votre adresse mail dans le formulaire ci-dessous, vous pourrez t\u00e9l\u00e9charger notre document d&rsquo;information sur\u00a0la prise en charge de la ceinture lombaire par la S\u00e9curit\u00e9 Sociale et les mutuelles Il repr\u00e9sente un plan en 4 \u00e9tapes pour vous aider\u00a0\u00e0 D\u00e9terminer la meilleure ceinture lombaire pour votre situation, \u00a0 Commander votre ceinture, La recevoir chez [&hellip;]<\/p>\n","protected":false},"author":1,"featured_media":0,"parent":0,"menu_order":0,"comment_status":"closed","ping_status":"closed","template":"","meta":{"footnotes":""},"class_list":["post-1530","page","type-page","status-publish","hentry"],"yoast_head":"<!-- This site is optimized with the Yoast SEO plugin v27.5 - https:\/\/yoast.com\/product\/yoast-seo-wordpress\/ -->\n<title>t\u00e9l\u00e9charger remboursement ceinture lombaire par s\u00e9cu et mutuelles<\/title>\n<meta name=\"description\" content=\"t\u00e9l\u00e9charger notre document d&#039;information sur le remboursement de la ceinture lombaire par la S\u00e9curit\u00e9 Sociale et les mutuelles\" \/>\n<meta name=\"robots\" content=\"index, follow, max-snippet:-1, max-image-preview:large, max-video-preview:-1\" \/>\n<link rel=\"canonical\" href=\"https:\/\/www.air-lomb.com\/mal-de-dos\/telecharger-remboursement-ceinture-lombaire-secu\/\" \/>\n<meta property=\"og:locale\" content=\"fr_FR\" \/>\n<meta property=\"og:type\" content=\"article\" \/>\n<meta property=\"og:title\" content=\"t\u00e9l\u00e9charger remboursement ceinture lombaire par s\u00e9cu et mutuelles\" \/>\n<meta property=\"og:description\" content=\"t\u00e9l\u00e9charger notre document d&#039;information sur le remboursement de la ceinture lombaire par la S\u00e9curit\u00e9 Sociale et les mutuelles\" \/>\n<meta property=\"og:url\" content=\"https:\/\/www.air-lomb.com\/mal-de-dos\/telecharger-remboursement-ceinture-lombaire-secu\/\" \/>\n<meta property=\"og:site_name\" content=\"AirLOMB\" \/>\n<meta property=\"article:modified_time\" content=\"2018-07-25T07:34:55+00:00\" \/>\n<meta property=\"og:image\" content=\"https:\/\/www.air-lomb.com\/mal-de-dos\/wp-content\/uploads\/2017\/03\/plan-remboursement-300x167.jpg\" \/>\n<meta name=\"twitter:card\" content=\"summary_large_image\" \/>\n<meta name=\"twitter:label1\" content=\"Dur\u00e9e de lecture estim\u00e9e\" \/>\n\t<meta name=\"twitter:data1\" content=\"1 minute\" \/>\n<script type=\"application\/ld+json\" class=\"yoast-schema-graph\">{\"@context\":\"https:\\\/\\\/schema.org\",\"@graph\":[{\"@type\":\"WebPage\",\"@id\":\"https:\\\/\\\/www.air-lomb.com\\\/mal-de-dos\\\/telecharger-remboursement-ceinture-lombaire-secu\\\/\",\"url\":\"https:\\\/\\\/www.air-lomb.com\\\/mal-de-dos\\\/telecharger-remboursement-ceinture-lombaire-secu\\\/\",\"name\":\"t\u00e9l\u00e9charger remboursement ceinture lombaire par s\u00e9cu et mutuelles\",\"isPartOf\":{\"@id\":\"https:\\\/\\\/www.air-lomb.com\\\/mal-de-dos\\\/#website\"},\"primaryImageOfPage\":{\"@id\":\"https:\\\/\\\/www.air-lomb.com\\\/mal-de-dos\\\/telecharger-remboursement-ceinture-lombaire-secu\\\/#primaryimage\"},\"image\":{\"@id\":\"https:\\\/\\\/www.air-lomb.com\\\/mal-de-dos\\\/telecharger-remboursement-ceinture-lombaire-secu\\\/#primaryimage\"},\"thumbnailUrl\":\"https:\\\/\\\/www.air-lomb.com\\\/mal-de-dos\\\/wp-content\\\/uploads\\\/2017\\\/03\\\/plan-remboursement-300x167.jpg\",\"datePublished\":\"2017-03-21T16:24:24+00:00\",\"dateModified\":\"2018-07-25T07:34:55+00:00\",\"description\":\"t\u00e9l\u00e9charger notre document d'information sur le remboursement de la ceinture lombaire par la S\u00e9curit\u00e9 Sociale et les mutuelles\",\"breadcrumb\":{\"@id\":\"https:\\\/\\\/www.air-lomb.com\\\/mal-de-dos\\\/telecharger-remboursement-ceinture-lombaire-secu\\\/#breadcrumb\"},\"inLanguage\":\"fr-FR\",\"potentialAction\":[{\"@type\":\"ReadAction\",\"target\":[\"https:\\\/\\\/www.air-lomb.com\\\/mal-de-dos\\\/telecharger-remboursement-ceinture-lombaire-secu\\\/\"]}]},{\"@type\":\"ImageObject\",\"inLanguage\":\"fr-FR\",\"@id\":\"https:\\\/\\\/www.air-lomb.com\\\/mal-de-dos\\\/telecharger-remboursement-ceinture-lombaire-secu\\\/#primaryimage\",\"url\":\"https:\\\/\\\/www.air-lomb.com\\\/mal-de-dos\\\/wp-content\\\/uploads\\\/2017\\\/03\\\/plan-remboursement.jpg\",\"contentUrl\":\"https:\\\/\\\/www.air-lomb.com\\\/mal-de-dos\\\/wp-content\\\/uploads\\\/2017\\\/03\\\/plan-remboursement.jpg\",\"width\":956,\"height\":533,\"caption\":\"4 ETAPES POUR COMMANDER VOTRE CEINTURE LOMBAIRE AIRLOMB AVEC REMBOURSEMENT *\"},{\"@type\":\"BreadcrumbList\",\"@id\":\"https:\\\/\\\/www.air-lomb.com\\\/mal-de-dos\\\/telecharger-remboursement-ceinture-lombaire-secu\\\/#breadcrumb\",\"itemListElement\":[{\"@type\":\"ListItem\",\"position\":1,\"name\":\"Home\",\"item\":\"https:\\\/\\\/www.air-lomb.com\\\/mal-de-dos\\\/\"},{\"@type\":\"ListItem\",\"position\":2,\"name\":\"T\u00e9l\u00e9charger remboursement ceinture lombaire par s\u00e9cu et mutuelles\"}]},{\"@type\":\"WebSite\",\"@id\":\"https:\\\/\\\/www.air-lomb.com\\\/mal-de-dos\\\/#website\",\"url\":\"https:\\\/\\\/www.air-lomb.com\\\/mal-de-dos\\\/\",\"name\":\"AirLOMB\",\"description\":\"La ceinture lombaire gonflable\",\"potentialAction\":[{\"@type\":\"SearchAction\",\"target\":{\"@type\":\"EntryPoint\",\"urlTemplate\":\"https:\\\/\\\/www.air-lomb.com\\\/mal-de-dos\\\/?s={search_term_string}\"},\"query-input\":{\"@type\":\"PropertyValueSpecification\",\"valueRequired\":true,\"valueName\":\"search_term_string\"}}],\"inLanguage\":\"fr-FR\"}]}<\/script>\n<!-- \/ Yoast SEO plugin. -->","yoast_head_json":{"title":"t\u00e9l\u00e9charger remboursement ceinture lombaire par s\u00e9cu et mutuelles","description":"t\u00e9l\u00e9charger notre document d'information sur le remboursement de la ceinture lombaire par la S\u00e9curit\u00e9 Sociale et les mutuelles","robots":{"index":"index","follow":"follow","max-snippet":"max-snippet:-1","max-image-preview":"max-image-preview:large","max-video-preview":"max-video-preview:-1"},"canonical":"https:\/\/www.air-lomb.com\/mal-de-dos\/telecharger-remboursement-ceinture-lombaire-secu\/","og_locale":"fr_FR","og_type":"article","og_title":"t\u00e9l\u00e9charger remboursement ceinture lombaire par s\u00e9cu et mutuelles","og_description":"t\u00e9l\u00e9charger notre document d'information sur le remboursement de la ceinture lombaire par la S\u00e9curit\u00e9 Sociale et les mutuelles","og_url":"https:\/\/www.air-lomb.com\/mal-de-dos\/telecharger-remboursement-ceinture-lombaire-secu\/","og_site_name":"AirLOMB","article_modified_time":"2018-07-25T07:34:55+00:00","og_image":[{"url":"https:\/\/www.air-lomb.com\/mal-de-dos\/wp-content\/uploads\/2017\/03\/plan-remboursement-300x167.jpg","type":"","width":"","height":""}],"twitter_card":"summary_large_image","twitter_misc":{"Dur\u00e9e de lecture estim\u00e9e":"1 minute"},"schema":{"@context":"https:\/\/schema.org","@graph":[{"@type":"WebPage","@id":"https:\/\/www.air-lomb.com\/mal-de-dos\/telecharger-remboursement-ceinture-lombaire-secu\/","url":"https:\/\/www.air-lomb.com\/mal-de-dos\/telecharger-remboursement-ceinture-lombaire-secu\/","name":"t\u00e9l\u00e9charger remboursement ceinture lombaire par s\u00e9cu et mutuelles","isPartOf":{"@id":"https:\/\/www.air-lomb.com\/mal-de-dos\/#website"},"primaryImageOfPage":{"@id":"https:\/\/www.air-lomb.com\/mal-de-dos\/telecharger-remboursement-ceinture-lombaire-secu\/#primaryimage"},"image":{"@id":"https:\/\/www.air-lomb.com\/mal-de-dos\/telecharger-remboursement-ceinture-lombaire-secu\/#primaryimage"},"thumbnailUrl":"https:\/\/www.air-lomb.com\/mal-de-dos\/wp-content\/uploads\/2017\/03\/plan-remboursement-300x167.jpg","datePublished":"2017-03-21T16:24:24+00:00","dateModified":"2018-07-25T07:34:55+00:00","description":"t\u00e9l\u00e9charger notre document d'information sur le remboursement de la ceinture lombaire par la S\u00e9curit\u00e9 Sociale et les mutuelles","breadcrumb":{"@id":"https:\/\/www.air-lomb.com\/mal-de-dos\/telecharger-remboursement-ceinture-lombaire-secu\/#breadcrumb"},"inLanguage":"fr-FR","potentialAction":[{"@type":"ReadAction","target":["https:\/\/www.air-lomb.com\/mal-de-dos\/telecharger-remboursement-ceinture-lombaire-secu\/"]}]},{"@type":"ImageObject","inLanguage":"fr-FR","@id":"https:\/\/www.air-lomb.com\/mal-de-dos\/telecharger-remboursement-ceinture-lombaire-secu\/#primaryimage","url":"https:\/\/www.air-lomb.com\/mal-de-dos\/wp-content\/uploads\/2017\/03\/plan-remboursement.jpg","contentUrl":"https:\/\/www.air-lomb.com\/mal-de-dos\/wp-content\/uploads\/2017\/03\/plan-remboursement.jpg","width":956,"height":533,"caption":"4 ETAPES POUR COMMANDER VOTRE CEINTURE LOMBAIRE AIRLOMB AVEC REMBOURSEMENT *"},{"@type":"BreadcrumbList","@id":"https:\/\/www.air-lomb.com\/mal-de-dos\/telecharger-remboursement-ceinture-lombaire-secu\/#breadcrumb","itemListElement":[{"@type":"ListItem","position":1,"name":"Home","item":"https:\/\/www.air-lomb.com\/mal-de-dos\/"},{"@type":"ListItem","position":2,"name":"T\u00e9l\u00e9charger remboursement ceinture lombaire par s\u00e9cu et mutuelles"}]},{"@type":"WebSite","@id":"https:\/\/www.air-lomb.com\/mal-de-dos\/#website","url":"https:\/\/www.air-lomb.com\/mal-de-dos\/","name":"AirLOMB","description":"La ceinture lombaire gonflable","potentialAction":[{"@type":"SearchAction","target":{"@type":"EntryPoint","urlTemplate":"https:\/\/www.air-lomb.com\/mal-de-dos\/?s={search_term_string}"},"query-input":{"@type":"PropertyValueSpecification","valueRequired":true,"valueName":"search_term_string"}}],"inLanguage":"fr-FR"}]}},"_links":{"self":[{"href":"https:\/\/www.air-lomb.com\/mal-de-dos\/wp-json\/wp\/v2\/pages\/1530","targetHints":{"allow":["GET"]}}],"collection":[{"href":"https:\/\/www.air-lomb.com\/mal-de-dos\/wp-json\/wp\/v2\/pages"}],"about":[{"href":"https:\/\/www.air-lomb.com\/mal-de-dos\/wp-json\/wp\/v2\/types\/page"}],"author":[{"embeddable":true,"href":"https:\/\/www.air-lomb.com\/mal-de-dos\/wp-json\/wp\/v2\/users\/1"}],"replies":[{"embeddable":true,"href":"https:\/\/www.air-lomb.com\/mal-de-dos\/wp-json\/wp\/v2\/comments?post=1530"}],"version-history":[{"count":8,"href":"https:\/\/www.air-lomb.com\/mal-de-dos\/wp-json\/wp\/v2\/pages\/1530\/revisions"}],"predecessor-version":[{"id":2515,"href":"https:\/\/www.air-lomb.com\/mal-de-dos\/wp-json\/wp\/v2\/pages\/1530\/revisions\/2515"}],"wp:attachment":[{"href":"https:\/\/www.air-lomb.com\/mal-de-dos\/wp-json\/wp\/v2\/media?parent=1530"}],"curies":[{"name":"wp","href":"https:\/\/api.w.org\/{rel}","templated":true}]}}